{"id":519,"date":"2015-02-22T20:08:56","date_gmt":"2015-02-22T20:08:56","guid":{"rendered":"http:\/\/wp\/enfold-medium-business\/?page_id=18"},"modified":"2025-03-21T09:27:50","modified_gmt":"2025-03-21T09:27:50","slug":"storia","status":"publish","type":"page","link":"https:\/\/salitadelcosto.it\/index.php\/storia\/","title":{"rendered":"Storia"},"content":{"rendered":"\n<style type=\"text\/css\" data-created_by=\"avia_inline_auto\" id=\"style-css-av-ddd2un-14da53ae9fe6792ed3e21c9b8a02338f\">\n.avia-section.av-ddd2un-14da53ae9fe6792ed3e21c9b8a02338f{\nbackground-repeat:no-repeat;\nbackground-image:url(https:\/\/salitadelcosto.it\/wp-content\/uploads\/2024\/02\/Storia_1-845x321.jpg);\nbackground-position:50% 0%;\nbackground-attachment:fixed;\n}\n.avia-section.av-ddd2un-14da53ae9fe6792ed3e21c9b8a02338f .av-section-color-overlay{\nopacity:0.4;\nbackground-color:#0a0a0a;\n}\n<\/style>\n<div id='av_section_1'  class='avia-section av-ddd2un-14da53ae9fe6792ed3e21c9b8a02338f main_color avia-section-huge avia-no-border-styling  avia-builder-el-0  el_before_av_section  avia-builder-el-first  avia-full-stretch avia-bg-style-fixed av-section-color-overlay-active av-minimum-height av-minimum-height-75 av-height-75  container_wrap sidebar_right'  data-section-bg-repeat='stretch' data-av_minimum_height_pc='75' data-av_min_height_opt='75'><div class=\"av-section-color-overlay-wrap\"><div class=\"av-section-color-overlay\"><\/div><a href='#next-section' title='' class='scroll-down-link ' aria-hidden='true' data-av_icon='\ue877' data-av_iconfont='entypo-fontello'><\/a><div class='container av-section-cont-open' ><main  role=\"main\" itemprop=\"mainContentOfPage\"  class='template-page content  av-content-small alpha units'><div class='post-entry post-entry-type-page post-entry-519'><div class='entry-content-wrapper clearfix'>\n<div  class='flex_column av-d7pwt3-76ee70261664e9808846eee98122a6ef av_one_fifth  avia-builder-el-1  el_before_av_three_fifth  avia-builder-el-first  first flex_column_div  '     ><\/div><div  class='flex_column av-d0t7vj-09e66eeab7bba7afea838c75d324d861 av_three_fifth  avia-builder-el-2  el_after_av_one_fifth  el_before_av_one_fifth  flex_column_div  '     ><p>\n<style type=\"text\/css\" data-created_by=\"avia_inline_auto\" id=\"style-css-av-cw401z-ff2b502e184bac8057ab6d9e3978c671\">\n#top .av-special-heading.av-cw401z-ff2b502e184bac8057ab6d9e3978c671{\npadding-bottom:10px;\ncolor:#ffffff;\nfont-size:40px;\n}\nbody .av-special-heading.av-cw401z-ff2b502e184bac8057ab6d9e3978c671 .av-special-heading-tag .heading-char{\nfont-size:25px;\n}\n#top #wrap_all .av-special-heading.av-cw401z-ff2b502e184bac8057ab6d9e3978c671 .av-special-heading-tag{\nfont-size:40px;\n}\n.av-special-heading.av-cw401z-ff2b502e184bac8057ab6d9e3978c671 .special-heading-inner-border{\nborder-color:#ffffff;\n}\n.av-special-heading.av-cw401z-ff2b502e184bac8057ab6d9e3978c671 .av-subheading{\nfont-size:15px;\n}\n\n@media only screen and (min-width: 480px) and (max-width: 767px){ \n#top #wrap_all .av-special-heading.av-cw401z-ff2b502e184bac8057ab6d9e3978c671 .av-special-heading-tag{\nfont-size:0.8em;\n}\n}\n\n@media only screen and (max-width: 479px){ \n#top #wrap_all .av-special-heading.av-cw401z-ff2b502e184bac8057ab6d9e3978c671 .av-special-heading-tag{\nfont-size:0.8em;\n}\n}\n<\/style>\n<div  class='av-special-heading av-cw401z-ff2b502e184bac8057ab6d9e3978c671 av-special-heading-h4 custom-color-heading blockquote modern-quote modern-centered  avia-builder-el-3  el_before_av_hr  avia-builder-el-first  av-thin-font av-inherit-size'><h4 class='av-special-heading-tag'  itemprop=\"headline\"  ><br \/>\n<strong>La prima gara di velocit\u00e0<\/strong> in salita organizzata nel Vicentino <strong>nell\u2019immediato dopoguerra<\/strong><\/h4><div class=\"special-heading-border\"><div class=\"special-heading-inner-border\"><\/div><\/div><\/div><br \/>\n\n<style type=\"text\/css\" data-created_by=\"avia_inline_auto\" id=\"style-css-av-cnv3s7-74652a69e961999d75d63f96f0b9608a\">\n#top .hr.av-cnv3s7-74652a69e961999d75d63f96f0b9608a{\nmargin-top:40px;\nmargin-bottom:40px;\n}\n.hr.av-cnv3s7-74652a69e961999d75d63f96f0b9608a .hr-inner{\nwidth:50px;\nborder-color:#ffffff;\n}\n<\/style>\n<div  class='hr av-cnv3s7-74652a69e961999d75d63f96f0b9608a hr-custom  avia-builder-el-4  el_after_av_heading  avia-builder-el-last  hr-center hr-icon-no'><span class='hr-inner inner-border-av-border-fat'><span class=\"hr-inner-style\"><\/span><\/span><\/div><\/p><\/div><div  class='flex_column av-chbxqf-a26e4a74244f2608bfe98c84afdb0083 av_one_fifth  avia-builder-el-5  el_after_av_three_fifth  avia-builder-el-last  flex_column_div  '     ><\/div>\n\n<\/div><\/div><\/main><!-- close content main element --><\/div><\/div><\/div><div id='values'  class='avia-section av-beoxcf-12f36e6b4921d5f1261c47d88bd992b4 main_color avia-section-huge avia-no-border-styling  avia-builder-el-6  el_after_av_section  el_before_av_section  avia-bg-style-scroll container_wrap sidebar_right'  ><div class='container av-section-cont-open' ><div class='template-page content  av-content-small alpha units'><div class='post-entry post-entry-type-page post-entry-519'><div class='entry-content-wrapper clearfix'>\n<div  class='flex_column av-b627dz-e8d45565f94b3b5da728fd53230ae804 av_one_fifth  avia-builder-el-7  el_before_av_three_fifth  avia-builder-el-first  first flex_column_div  '     ><\/div><div  class='flex_column av-b22blr-11b85b1392dea9955af30e55d04e8e9a av_three_fifth  avia-builder-el-8  el_after_av_one_fifth  el_before_av_one_fifth  flex_column_div  '     ><style type=\"text\/css\" data-created_by=\"avia_inline_auto\" id=\"style-css-av-auli4v-345e0c9018c3e70ed53432356315014e\">\n#top .av-special-heading.av-auli4v-345e0c9018c3e70ed53432356315014e{\npadding-bottom:10px;\nfont-size:40px;\n}\nbody .av-special-heading.av-auli4v-345e0c9018c3e70ed53432356315014e .av-special-heading-tag .heading-char{\nfont-size:25px;\n}\n#top #wrap_all .av-special-heading.av-auli4v-345e0c9018c3e70ed53432356315014e .av-special-heading-tag{\nfont-size:40px;\n}\n.av-special-heading.av-auli4v-345e0c9018c3e70ed53432356315014e .av-subheading{\nfont-size:15px;\n}\n\n@media only screen and (min-width: 480px) and (max-width: 767px){ \n#top #wrap_all .av-special-heading.av-auli4v-345e0c9018c3e70ed53432356315014e .av-special-heading-tag{\nfont-size:0.8em;\n}\n}\n\n@media only screen and (max-width: 479px){ \n#top #wrap_all .av-special-heading.av-auli4v-345e0c9018c3e70ed53432356315014e .av-special-heading-tag{\nfont-size:0.8em;\n}\n}\n<\/style>\n<div  class='av-special-heading av-auli4v-345e0c9018c3e70ed53432356315014e av-special-heading-h4 blockquote modern-quote modern-centered  avia-builder-el-9  avia-builder-el-no-sibling  av-thin-font av-inherit-size'><h4 class='av-special-heading-tag'  itemprop=\"headline\"  >La storia de <strong>La Salita del Costo part\u00ec dal&#8230; Pasubio<\/strong><\/h4><div class=\"special-heading-border\"><div class=\"special-heading-inner-border\"><\/div><\/div><\/div><\/div><div  class='flex_column av-ap8qbj-586fb20349d7cc5364ee3757b15254e4 av_one_fifth  avia-builder-el-10  el_after_av_three_fifth  el_before_av_hr  flex_column_div  '     ><\/div>\n<style type=\"text\/css\" data-created_by=\"avia_inline_auto\" id=\"style-css-av-akph07-e82e4138c99874cfd1a2c90b3c5f5c51\">\n#top .hr.av-akph07-e82e4138c99874cfd1a2c90b3c5f5c51{\nmargin-top:70px;\nmargin-bottom:70px;\n}\n.hr.av-akph07-e82e4138c99874cfd1a2c90b3c5f5c51 .hr-inner{\nwidth:50px;\nborder-color:#000000;\n}\n<\/style>\n<div  class='hr av-akph07-e82e4138c99874cfd1a2c90b3c5f5c51 hr-custom  avia-builder-el-11  el_after_av_one_fifth  el_before_av_two_third  hr-center hr-icon-no'><span class='hr-inner inner-border-av-border-fat'><span class=\"hr-inner-style\"><\/span><\/span><\/div>\n<div  class='flex_column av-956dtr-97c08b0afcd4ff1215036bcc0abc65b9 av_two_third  avia-builder-el-12  el_after_av_hr  el_before_av_one_third  first flex_column_div  '     ><section  class='av_textblock_section av-8zbyzb-a3444d4c69fafba79ea4542f18378133 '   itemscope=\"itemscope\" itemtype=\"https:\/\/schema.org\/CreativeWork\" ><div class='avia_textblock'  itemprop=\"text\" ><h3>Era il 1947&#8230;<\/h3>\n<p>La prima gara di velocit\u00e0 in salita organizzata nel Vicentino nell&#8217;immediato dopoguerra fu la Conco Turcio- Asiago di circa dieci chilometri. Era il 1947 e s&#8217;impose Giannino Marzotto con la sua Lancia Aprilia, battendo Mazza e l&#8217;ing. Dell&#8217;Orto.<\/p>\n<blockquote>\n<p>L&#8217;anno successivo la Pro loco di Schio, con la collaborazione dell&#8217;Automobile Club Vicenza, organizz\u00f2 la<b> prima <\/b><b>Coppa del Pasubio<\/b>. Era il 20 giugno 1948. Il percorso, sterrato, partiva da Valli del Pasubio e si snodava fino al Pian delle Fugazze (10,400 chilometri con 820 metri di dislivello). Al via 66 piloti. Erminio Fanchin &#8220;Pacioccone&#8221;, socio Aci di Torrebelvicino, complet\u00f2 la scalata in 11&#8217;06&#8243;2, alla media di 55,455 Km orari al volante di una Alfa Romeo 2300cc. Alle sue spalle si classificarono Bertani (A.R. 2500) e Zanella (Lancia Aprilia).<\/p>\n<\/blockquote>\n<p><b>Seconda edizione<\/b> il 16 giugno 1949. S&#8217;impose il conte Cesare d&#8217;Acquarone con una Alfa Romeo 200 SS in 10&#8217;35&#8243;1 alla media di 58,988 Km\/h precedendo Giovanni Maioli su Dell&#8217;Orto Sport (Base Fiat 1100 e motore Lancia Aprilia telaio tubolare con tubi della Torpado biciclette di Padova) ed Erminio Fantin (Fiat 1100 Sport carrozzeria a &#8220;siluro&#8221;.) Il conte Cesare duca D&#8217;Acquarone, era il figlio di Pietro, ministro della Reale Casa Savoia, intermediario tra il re Vittorio Emanuele III e Dino Grandi alla vigilia del Gran Consiglio che il 25 luglio 1943 pose fine alla dittatura fascista.<\/p>\n<p>Porta la prestigiosa firma del veronese Giulio Cabianca la <b>terza edizione<\/b> della Coppa del Pasubio, andata in scena il 18 giugno 1950. Con la sua Osca Sport 1100 uscita dalle officine dei fratelli Maserati vinse alla media di 63,558 Km\/h impiegando 9&#8217;50&#8243;1. Alle sue spalle le Fiat 1100 Sport di Alberto Comirato e Guido Gidoni a 35&#8243; e 35&#8243;1.<\/p>\n<p><b>4^ edizione. <\/b>Ancora Cabianca primo assoluto l&#8217;anno successivo (24 giugno 1951) con l&#8217;Osca MT4 1100 in 9&#8217;21&#8243;2 alla media di 66,842 Km\/h, davanti a Fausto Rodenghi (Lancia Aurelia Gt) e Lucillo Sacchiero (Lancia Aprilia sport).<\/p>\n<p><b>Q<\/b><b>uinta edizione<\/b><b> (asfaltati i primi 4 chilometri). L&#8217;<\/b>ultima edizione della Coppa del Pasubio (22 giugno 1952) registr\u00f2 il successo di Fausto Rodenghi (Lancia Aurelia 20 Gt in 9&#8217;40&#8243;4 alla media di 64,707 Km\/h) anticipando sul traguardo lo scledense Luigi Fornasari (A.R. 1900 Normale) e Alberto Comirato (Osca 1500 sport). Sesto l&#8217;emergente Mario Della Favera su Porsche 356 1500 in 9&#8217;50&#8243;4.<\/p>\n<p><b>6^ edizione. <\/b><b>Cambio percorso.<\/b> Il 10 maggio 1953 la corsa cambi\u00f2 percorso, da Mosson a Tresch\u00e8 Conca (802 metri di dislivello), lungo la strada che da Thiene porta ad Asiago, mantenendo per\u00f2 il nome &#8220;Coppa del Pasubio&#8221;, perch\u00e9 sulla Valli-Pian delle Fugazze era in corso il completamento dell&#8217;asfaltatura. Verifiche sempre a Schio. Quell&#8217;anno s&#8217;impose Camillo Fambri (A.R. 1900) in 10&#8217;58&#8243;3 a 83,670 di media, davanti a Fornasari su A.R. 1900 TI (11&#8217;00&#8243;5) ed Eugenio Lubich (Aurelia B28 &#8211; tempo 11&#8217;08&#8243;1). Curiosit\u00e0: il vicentino Joe Santi si present\u00f2 al via con una enorme Lincoln Cosmopolitan di 5000 cc.<\/p>\n<p><b>Settima edizione.Il <\/b>6 giugno 1954 si ritorn\u00f2 sul tracciato originale, tutto asfaltato, ma pessime condizioni meteo (pioggia e nebbia) limitarono le prestazioni dei piloti. Per la prima volta fu introdotta l&#8217;obbligatoriet\u00e0 del casco. Il primato fu colto dal trevigiano Sergio Monti con una Stanguellini 750 Sport in 8&#8217;22&#8243;1 a 74,767 di media davanti al presidente di Aci Vicenza Fedele Lampertico su Maserati A6 GCS 2000 sport (8&#8217;26&#8243;3) e ad Eugenio Lubich (Aurelia 2500 Sport &#8211; tempo 8&#8217;282).<\/p>\n<p><b>Sospesa nel 1955<\/b>, la corsa fu ripresa nel 1956, ma cambi\u00f2 nome.<\/p>\n<p><b>Il 24 giugno 1956<\/b>, infatti, scatt\u00f2 la prima &#8220;Coppa Citt\u00e0 di Asiago&#8221;, con partenza da Mosson e arrivo a Tresch\u00e8 Conca, con 70 vetture alla partenza. La gara vide il successo del sandricese Antonio &#8220;Skaraba&#8221; Pozzato che al volante di una Maserati 2000 ferm\u00f2 i cronometri a 9&#8217;47&#8243;1 alla media di 93,804 Km\/h.<\/p>\n<p>La competizione si sussegu\u00ec lungo i tornanti del Costo sino al 1967.<\/p>\n<p><b>Nel 1958<\/b> vinse il trentino Luigi Villotti (Ferrari 3000) alla media di 96,869 Km\/h<\/p>\n<p><b>Nel 1959<\/b> sfrecci\u00f2 vittorioso sotto lo striscione del traguardo <b>Ludovico Scarfiotti<\/b>, astro nascente del motorismo italiano, con una Osca Sport alla media di 95,185 Km\/h. Perito tragicamente durante le prove di una cronoscalata nel 1968, Scarfiotti fu l&#8217;ultimo italiano a vincere il Gran Premio d&#8217;Italia a Monza nel 1966. Da allora nessun pilota nazionale \u00e8 riuscito a salire sul podio pi\u00f9 alto.<\/p>\n<blockquote>\n<p>Dopo una pausa, i bolidi ritornarono sui tornanti del Costo, in palio la &#8220;Coppa Altopiano dei Sette Comuni&#8221;. Nel 1971 il trentino Antonio Zadra su Lola 312 stabil\u00ec il nuovo record in 7&#8217;05&#8243;1 alla media di 127,028 Km orari. Lo batt\u00e8 Ranzolin, con la sua Abarth Osella 2000, il 22 giugno 1975: vinse la gara con appena 37 decimi di vantaggio su Achille Soria. Ottavo assoluto e primo di gruppo 3 il breganzese Paolo Bozzetto con una Pantgera De Tomaso di serie.<\/p>\n<\/blockquote>\n<p>Si corse sino al 1978. La cronoscalata riprese nel 1995, organizzata dalla Bassano Rally Racing, sempre lungo il medesimo tracciato. Ad imporsi nella &#8220;Coppa del Costo&#8221; fu il rallysta marosticense Alessandro Battaglin al volante di una Lancia Delta 16 V, sotto una pioggia torrenziale che vanific\u00f2 le generose cavallerie delle vetture sport.<\/p>\n<p>Nel <b>1997<\/b> fu la volta dell&#8217;altoatesino Franz Tschager su prototipo Lucchini; nel <b>1998<\/b> s&#8217;impose Pasquale Irlando su Osella che si ripet\u00e8 anche nell&#8217;edizione successiva battendo d&#8217;un soffio il campionissimo Mauro Nesti. Dopo il 2005 si verific\u00f2 un&#8217;altra interruzione.<\/p>\n<p>Il Rally Club Team di Isola Vicentina riprese in mano la salita nel <b>2016<\/b>, sotto la spinta di Ac Vicenza.<\/p>\n<p><b>2016.<\/b> Il trentino Adolfo Bottura con una Osella FA 30 mise in riga tutti i pretendenti alla vittoria. Nella competione riservata alle auto storiche, invece, successo del mantovano Moreschi, pilota dal glorioso palmares, con una Osella PA 9 Bmw.<\/p>\n<p>Il campione europeo Simone Faggioli trionf\u00f2 nel <b>2017<\/b> con la Norma mentre Sala, sulla bellissima Porsche 906, firm\u00f2 la classifica delle storiche.<\/p>\n<p>Christian Merli e Luigi Lucky Battistolli nel <b>2018<\/b> vinsero rispettivamente tra le moderne e le storiche con una Osella e la Ferrari 308 Gtb.<\/p>\n<p>Ancora Faggioli sul podio pi\u00f9 alto nel <b>2019 e 2021<\/b> (nel 2020 la competizione salt\u00f2 per il Covid) mentre tra le &#8220;vecchie signore&#8221; primeggiarono Adolfo Bottura (Osella) e Ambroso (Porsche).<\/p>\n<p>Christian riprese la corona nel <b>2022<\/b> mentre il marosticense Giampaolo Basso port\u00f2 la sua Porsche Rsr sul podio pi\u00f9 alto dello storico.<\/p>\n<p>Nel 2023 la salita fu annullata a pochi giorni dal via.<\/p>\n<p>Edizione <strong>2024<\/strong>: la salita torna a calendario organizzata da ACI Vicenza; si rinnova la sfida tra Merli e Faggioli con quest&#8217;ultimo che, dopo aver guidato la squadra dei &#8220;salitari&#8221; nella partita di calcio a scopo benefico giocata al venerd\u00ec sera, ha piazzato il quarto sigillo personale precedendo l&#8217;eterni rivale. Ottima terza posizione per il giovane Luigi Fazzino.<\/p>\n<\/div><\/section><\/div><div  class='flex_column av-p3y7-24780fc88a247b99901bae2624e0c98e av_one_third  avia-builder-el-14  el_after_av_two_third  avia-builder-el-last  flex_column_div  '     ><style type=\"text\/css\" data-created_by=\"avia_inline_auto\" id=\"style-css-av-ls7u3gq3-79dc80e4e2e37279298e222deaad1f3d\">\n.avia-image-container.av-ls7u3gq3-79dc80e4e2e37279298e222deaad1f3d img.avia_image{\nbox-shadow:none;\n}\n.avia-image-container.av-ls7u3gq3-79dc80e4e2e37279298e222deaad1f3d .av-image-caption-overlay-center{\ncolor:#ffffff;\n}\n<\/style>\n<div  class='avia-image-container av-ls7u3gq3-79dc80e4e2e37279298e222deaad1f3d av-styling- avia-align-center  avia-builder-el-15  avia-builder-el-no-sibling '   itemprop=\"image\" itemscope=\"itemscope\" itemtype=\"https:\/\/schema.org\/ImageObject\" ><div class=\"avia-image-container-inner\"><div class=\"avia-image-overlay-wrap\"><img decoding=\"async\" fetchpriority=\"high\" class='wp-image-778 avia-img-lazy-loading-not-778 avia_image ' src=\"https:\/\/salitadelcosto.it\/wp-content\/uploads\/2024\/02\/Locandina.jpg\" alt='' title='Locandina'  height=\"1500\" width=\"1065\"  itemprop=\"thumbnailUrl\" srcset=\"https:\/\/salitadelcosto.it\/wp-content\/uploads\/2024\/02\/Locandina.jpg 1065w, https:\/\/salitadelcosto.it\/wp-content\/uploads\/2024\/02\/Locandina-213x300.jpg 213w, https:\/\/salitadelcosto.it\/wp-content\/uploads\/2024\/02\/Locandina-731x1030.jpg 731w, https:\/\/salitadelcosto.it\/wp-content\/uploads\/2024\/02\/Locandina-768x1082.jpg 768w, https:\/\/salitadelcosto.it\/wp-content\/uploads\/2024\/02\/Locandina-501x705.jpg 501w\" sizes=\"(max-width: 1065px) 100vw, 1065px\" \/><\/div><\/div><\/div><\/div><\/div><\/div><\/div><!-- close content main div --><\/div><\/div>\n<style type=\"text\/css\" data-created_by=\"avia_inline_auto\" id=\"style-css-av-3cybsv-92cfd3923871a59a5753424fefebb204\">\n.avia-section.av-3cybsv-92cfd3923871a59a5753424fefebb204 .av-parallax .av-parallax-inner{\nbackground-repeat:no-repeat;\nbackground-image:url(https:\/\/salitadelcosto.it\/wp-content\/uploads\/2024\/02\/La-salita-non-perdona-errori.jpg);\nbackground-position:50% 50%;\nbackground-attachment:scroll;\n}\n.avia-section.av-3cybsv-92cfd3923871a59a5753424fefebb204 .av-section-color-overlay{\nopacity:0.7;\nbackground-color:#ffffff;\n}\n<\/style>\n<div id='office'  class='avia-section av-3cybsv-92cfd3923871a59a5753424fefebb204 alternate_color avia-section-large avia-no-border-styling  avia-builder-el-16  el_after_av_section  el_before_av_masonry_gallery  avia-full-stretch av-parallax-section avia-bg-style-parallax av-section-color-overlay-active av-minimum-height av-minimum-height-50 av-height-50  container_wrap sidebar_right'  data-section-bg-repeat='stretch' data-av_minimum_height_pc='50' data-av_min_height_opt='50'><div class='av-parallax' data-avia-parallax-ratio='0.3' ><div class='av-parallax-inner alternate_color avia-full-stretch'><\/div><\/div><div class=\"av-section-color-overlay-wrap\"><div class=\"av-section-color-overlay\"><\/div><div class='container av-section-cont-open' ><div class='template-page content  av-content-small alpha units'><div class='post-entry post-entry-type-page post-entry-519'><div class='entry-content-wrapper clearfix'>\n<div  class='flex_column av-38ov3z-504a261e214dc98b4833ad89266f891d av_one_fifth  avia-builder-el-17  el_before_av_three_fifth  avia-builder-el-first  first flex_column_div  '     ><\/div><div  class='flex_column av-2zvgev-688125f90f604c39594143571c9db59d av_three_fifth  avia-builder-el-18  el_after_av_one_fifth  el_before_av_one_fifth  flex_column_div  '     ><p>\n<style type=\"text\/css\" data-created_by=\"avia_inline_auto\" id=\"style-css-av-2yuva7-1b044a72bf768cb6fefdec93cd479fb6\">\n#top .hr.hr-invisible.av-2yuva7-1b044a72bf768cb6fefdec93cd479fb6{\nheight:40px;\n}\n<\/style>\n<div  class='hr av-2yuva7-1b044a72bf768cb6fefdec93cd479fb6 hr-invisible  avia-builder-el-19  el_before_av_heading  avia-builder-el-first '><span class='hr-inner '><span class=\"hr-inner-style\"><\/span><\/span><\/div><br \/>\n\n<style type=\"text\/css\" data-created_by=\"avia_inline_auto\" id=\"style-css-av-2rfsbb-bd4c5c630cf54f283664f30fbdedbeed\">\n#top .av-special-heading.av-2rfsbb-bd4c5c630cf54f283664f30fbdedbeed{\npadding-bottom:10px;\ncolor:#000000;\nfont-size:40px;\n}\nbody .av-special-heading.av-2rfsbb-bd4c5c630cf54f283664f30fbdedbeed .av-special-heading-tag .heading-char{\nfont-size:25px;\n}\n#top #wrap_all .av-special-heading.av-2rfsbb-bd4c5c630cf54f283664f30fbdedbeed .av-special-heading-tag{\nfont-size:40px;\n}\n.av-special-heading.av-2rfsbb-bd4c5c630cf54f283664f30fbdedbeed .special-heading-inner-border{\nborder-color:#000000;\n}\n.av-special-heading.av-2rfsbb-bd4c5c630cf54f283664f30fbdedbeed .av-subheading{\nfont-size:15px;\n}\n\n@media only screen and (min-width: 480px) and (max-width: 767px){ \n#top #wrap_all .av-special-heading.av-2rfsbb-bd4c5c630cf54f283664f30fbdedbeed .av-special-heading-tag{\nfont-size:0.8em;\n}\n}\n\n@media only screen and (max-width: 479px){ \n#top #wrap_all .av-special-heading.av-2rfsbb-bd4c5c630cf54f283664f30fbdedbeed .av-special-heading-tag{\nfont-size:0.8em;\n}\n}\n<\/style>\n<div  class='av-special-heading av-2rfsbb-bd4c5c630cf54f283664f30fbdedbeed av-special-heading-h4 custom-color-heading blockquote modern-quote modern-centered  avia-builder-el-20  el_after_av_hr  el_before_av_hr  av-thin-font av-inherit-size'><h4 class='av-special-heading-tag'  itemprop=\"headline\"  >Se la strada \u00e8 in salita \u00e8 solo perch\u00e9 sei destinato ad arrivare <strong>in alto.<\/strong><\/h4><div class=\"special-heading-border\"><div class=\"special-heading-inner-border\"><\/div><\/div><\/div><br \/>\n\n<style type=\"text\/css\" data-created_by=\"avia_inline_auto\" id=\"style-css-av-8zs9j-ba9ef6a81932911980df731a85c57d44\">\n#top .hr.av-8zs9j-ba9ef6a81932911980df731a85c57d44{\nmargin-top:40px;\nmargin-bottom:0px;\n}\n.hr.av-8zs9j-ba9ef6a81932911980df731a85c57d44 .hr-inner{\nwidth:50px;\nborder-color:#000000;\n}\n<\/style>\n<div  class='hr av-8zs9j-ba9ef6a81932911980df731a85c57d44 hr-custom  avia-builder-el-21  el_after_av_heading  avia-builder-el-last  hr-center hr-icon-no'><span class='hr-inner inner-border-av-border-fat'><span class=\"hr-inner-style\"><\/span><\/span><\/div><\/p><\/div><div  class='flex_column av-2cuqb3-c2ae1dacd87ee0c883bc8eadac1af062 av_one_fifth  avia-builder-el-22  el_after_av_three_fifth  avia-builder-el-last  flex_column_div  '     ><\/div>\n<\/p>\n<div id='av-masonry-1' class='av-masonry av-28rwtb-a2d4ca1a64c718630e9c84a20905e771 noHover av-fixed-size av-1px-gap av-hover-overlay-active av-masonry-animation-active av-masonry-col-3 av-caption-always av-caption-style- av-masonry-gallery ' data-post_id=\"519\"><div class=\"av-masonry-container isotope av-js-disabled\"><div class='av-masonry-entry isotope-item av-masonry-item-no-image '><\/div><a href=\"https:\/\/salitadelcosto.it\/wp-content\/uploads\/2024\/02\/Fiat-595-Abarth-1030x595.jpg\" data-srcset=\"https:\/\/salitadelcosto.it\/wp-content\/uploads\/2024\/02\/Fiat-595-Abarth-1030x595.jpg 1030w, https:\/\/salitadelcosto.it\/wp-content\/uploads\/2024\/02\/Fiat-595-Abarth-300x173.jpg 300w, https:\/\/salitadelcosto.it\/wp-content\/uploads\/2024\/02\/Fiat-595-Abarth-768x444.jpg 768w, https:\/\/salitadelcosto.it\/wp-content\/uploads\/2024\/02\/Fiat-595-Abarth-705x407.jpg 705w, https:\/\/salitadelcosto.it\/wp-content\/uploads\/2024\/02\/Fiat-595-Abarth.jpg 1500w\" data-sizes=\"(max-width: 1030px) 100vw, 1030px\"  aria-label=\"immagine Fiat-595-Abarth\"  id='av-masonry-1-item-639' data-av-masonry-item='639' class='av-masonry-entry isotope-item post-639 attachment type-attachment status-inherit hentry  av-masonry-item-with-image' title=\"Fiat-595-Abarth\" alt=\"\"    itemprop=\"thumbnailUrl\" ><div class='av-inner-masonry-sizer'><\/div><figure class='av-inner-masonry main_color'><div class=\"av-masonry-outerimage-container\"><div class='av-masonry-image-container' style=\"background-image: url(https:\/\/salitadelcosto.it\/wp-content\/uploads\/2024\/02\/Fiat-595-Abarth-705x407.jpg);\"  title=\"Fiat-595-Abarth\"  ><\/div><\/div><\/figure><\/a><!--end av-masonry entry--><a href=\"https:\/\/salitadelcosto.it\/wp-content\/uploads\/2024\/02\/IMG_0865-1030x687.jpg\" data-srcset=\"https:\/\/salitadelcosto.it\/wp-content\/uploads\/2024\/02\/IMG_0865-1030x687.jpg 1030w, https:\/\/salitadelcosto.it\/wp-content\/uploads\/2024\/02\/IMG_0865-300x200.jpg 300w, https:\/\/salitadelcosto.it\/wp-content\/uploads\/2024\/02\/IMG_0865-768x512.jpg 768w, https:\/\/salitadelcosto.it\/wp-content\/uploads\/2024\/02\/IMG_0865-705x470.jpg 705w, https:\/\/salitadelcosto.it\/wp-content\/uploads\/2024\/02\/IMG_0865.jpg 1500w\" data-sizes=\"(max-width: 1030px) 100vw, 1030px\"  aria-label=\"immagine IMG_0865\"  id='av-masonry-1-item-641' data-av-masonry-item='641' class='av-masonry-entry isotope-item post-641 attachment type-attachment status-inherit hentry  av-masonry-item-with-image' title=\"IMG_0865\" alt=\"\"    itemprop=\"thumbnailUrl\" ><div class='av-inner-masonry-sizer'><\/div><figure class='av-inner-masonry main_color'><div class=\"av-masonry-outerimage-container\"><div class='av-masonry-image-container' style=\"background-image: url(https:\/\/salitadelcosto.it\/wp-content\/uploads\/2024\/02\/IMG_0865-705x470.jpg);\"  title=\"IMG_0865\"  ><\/div><\/div><\/figure><\/a><!--end av-masonry entry--><a href=\"https:\/\/salitadelcosto.it\/wp-content\/uploads\/2024\/02\/IMG_0955-1030x687.jpg\" data-srcset=\"https:\/\/salitadelcosto.it\/wp-content\/uploads\/2024\/02\/IMG_0955-1030x687.jpg 1030w, https:\/\/salitadelcosto.it\/wp-content\/uploads\/2024\/02\/IMG_0955-300x200.jpg 300w, https:\/\/salitadelcosto.it\/wp-content\/uploads\/2024\/02\/IMG_0955-768x512.jpg 768w, https:\/\/salitadelcosto.it\/wp-content\/uploads\/2024\/02\/IMG_0955-705x470.jpg 705w, https:\/\/salitadelcosto.it\/wp-content\/uploads\/2024\/02\/IMG_0955.jpg 1500w\" data-sizes=\"(max-width: 1030px) 100vw, 1030px\"  aria-label=\"immagine IMG_0955\"  id='av-masonry-1-item-642' data-av-masonry-item='642' class='av-masonry-entry isotope-item post-642 attachment type-attachment status-inherit hentry  av-masonry-item-with-image' title=\"IMG_0955\" alt=\"\"    itemprop=\"thumbnailUrl\" ><div class='av-inner-masonry-sizer'><\/div><figure class='av-inner-masonry main_color'><div class=\"av-masonry-outerimage-container\"><div class='av-masonry-image-container' style=\"background-image: url(https:\/\/salitadelcosto.it\/wp-content\/uploads\/2024\/02\/IMG_0955-705x470.jpg);\"  title=\"IMG_0955\"  ><\/div><\/div><\/figure><\/a><!--end av-masonry entry--><a href=\"https:\/\/salitadelcosto.it\/wp-content\/uploads\/2024\/02\/IMG_1470-1030x687.jpg\" data-srcset=\"https:\/\/salitadelcosto.it\/wp-content\/uploads\/2024\/02\/IMG_1470-1030x687.jpg 1030w, https:\/\/salitadelcosto.it\/wp-content\/uploads\/2024\/02\/IMG_1470-300x200.jpg 300w, https:\/\/salitadelcosto.it\/wp-content\/uploads\/2024\/02\/IMG_1470-768x512.jpg 768w, https:\/\/salitadelcosto.it\/wp-content\/uploads\/2024\/02\/IMG_1470-705x470.jpg 705w, https:\/\/salitadelcosto.it\/wp-content\/uploads\/2024\/02\/IMG_1470.jpg 1500w\" data-sizes=\"(max-width: 1030px) 100vw, 1030px\"  aria-label=\"immagine IMG_1470\"  id='av-masonry-1-item-644' data-av-masonry-item='644' class='av-masonry-entry isotope-item post-644 attachment type-attachment status-inherit hentry  av-masonry-item-with-image' title=\"IMG_1470\" alt=\"\"    itemprop=\"thumbnailUrl\" ><div class='av-inner-masonry-sizer'><\/div><figure class='av-inner-masonry main_color'><div class=\"av-masonry-outerimage-container\"><div class='av-masonry-image-container' style=\"background-image: url(https:\/\/salitadelcosto.it\/wp-content\/uploads\/2024\/02\/IMG_1470-705x470.jpg);\"  title=\"IMG_1470\"  ><\/div><\/div><\/figure><\/a><!--end av-masonry entry--><a href=\"https:\/\/salitadelcosto.it\/wp-content\/uploads\/2024\/02\/Anni-60.-Monoposto-al-Costo.jpg\" data-srcset=\"https:\/\/salitadelcosto.it\/wp-content\/uploads\/2024\/02\/Anni-60.-Monoposto-al-Costo.jpg 881w, https:\/\/salitadelcosto.it\/wp-content\/uploads\/2024\/02\/Anni-60.-Monoposto-al-Costo-300x139.jpg 300w, https:\/\/salitadelcosto.it\/wp-content\/uploads\/2024\/02\/Anni-60.-Monoposto-al-Costo-768x355.jpg 768w, https:\/\/salitadelcosto.it\/wp-content\/uploads\/2024\/02\/Anni-60.-Monoposto-al-Costo-705x326.jpg 705w\" data-sizes=\"(max-width: 881px) 100vw, 881px\"  aria-label=\"immagine Anni &#8217;60. Monoposto al Costo\"  id='av-masonry-1-item-635' data-av-masonry-item='635' class='av-masonry-entry isotope-item post-635 attachment type-attachment status-inherit hentry  av-masonry-item-with-image' title=\"Anni &#8217;60. Monoposto al Costo\" alt=\"\"    itemprop=\"thumbnailUrl\" ><div class='av-inner-masonry-sizer'><\/div><figure class='av-inner-masonry main_color'><div class=\"av-masonry-outerimage-container\"><div class='av-masonry-image-container' style=\"background-image: url(https:\/\/salitadelcosto.it\/wp-content\/uploads\/2024\/02\/Anni-60.-Monoposto-al-Costo-705x326.jpg);\"  title=\"Anni &#8217;60. Monoposto al Costo\"  ><\/div><\/div><\/figure><\/a><!--end av-masonry entry--><a href=\"https:\/\/salitadelcosto.it\/wp-content\/uploads\/2024\/02\/Faggioli-1030x687.jpg\" data-srcset=\"https:\/\/salitadelcosto.it\/wp-content\/uploads\/2024\/02\/Faggioli-1030x687.jpg 1030w, https:\/\/salitadelcosto.it\/wp-content\/uploads\/2024\/02\/Faggioli-300x200.jpg 300w, https:\/\/salitadelcosto.it\/wp-content\/uploads\/2024\/02\/Faggioli-768x512.jpg 768w, https:\/\/salitadelcosto.it\/wp-content\/uploads\/2024\/02\/Faggioli-705x470.jpg 705w, https:\/\/salitadelcosto.it\/wp-content\/uploads\/2024\/02\/Faggioli.jpg 1500w\" data-sizes=\"(max-width: 1030px) 100vw, 1030px\"  aria-label=\"immagine Faggioli\"  id='av-masonry-1-item-799' data-av-masonry-item='799' class='av-masonry-entry isotope-item post-799 attachment type-attachment status-inherit hentry  av-masonry-item-with-image' title=\"Faggioli\" alt=\"\"    itemprop=\"thumbnailUrl\" ><div class='av-inner-masonry-sizer'><\/div><figure class='av-inner-masonry main_color'><div class=\"av-masonry-outerimage-container\"><div class='av-masonry-image-container' style=\"background-image: url(https:\/\/salitadelcosto.it\/wp-content\/uploads\/2024\/02\/Faggioli-705x470.jpg);\"  title=\"Faggioli\"  ><\/div><\/div><\/figure><\/a><!--end av-masonry entry--><\/div><\/div>\n","protected":false},"excerpt":{"rendered":"","protected":false},"author":1,"featured_media":588,"parent":0,"menu_order":0,"comment_status":"open","ping_status":"closed","template":"","meta":{"footnotes":""},"class_list":["post-519","page","type-page","status-publish","has-post-thumbnail","hentry"],"yoast_head":"<!-- This site is optimized with the Yoast SEO plugin v26.9 - https:\/\/yoast.com\/product\/yoast-seo-wordpress\/ -->\n<title>Storia - Salita del Costo<\/title>\n<meta name=\"robots\" content=\"index, follow, max-snippet:-1, max-image-preview:large, max-video-preview:-1\" \/>\n<link rel=\"canonical\" href=\"https:\/\/salitadelcosto.it\/index.php\/storia\/\" \/>\n<meta property=\"og:locale\" content=\"it_IT\" \/>\n<meta property=\"og:type\" content=\"article\" \/>\n<meta property=\"og:title\" content=\"Storia - Salita del Costo\" \/>\n<meta property=\"og:url\" content=\"https:\/\/salitadelcosto.it\/index.php\/storia\/\" \/>\n<meta property=\"og:site_name\" content=\"Salita del Costo\" \/>\n<meta property=\"article:modified_time\" content=\"2025-03-21T09:27:50+00:00\" \/>\n<meta property=\"og:image\" content=\"https:\/\/salitadelcosto.it\/wp-content\/uploads\/2024\/02\/Salita-del-Costo-anni-60_scura.jpg\" \/>\n\t<meta property=\"og:image:width\" content=\"1700\" \/>\n\t<meta property=\"og:image:height\" content=\"995\" \/>\n\t<meta property=\"og:image:type\" content=\"image\/jpeg\" \/>\n<meta name=\"twitter:card\" content=\"summary_large_image\" \/>\n<meta name=\"twitter:label1\" content=\"Tempo di lettura stimato\" \/>\n\t<meta name=\"twitter:data1\" content=\"6 minuti\" \/>\n<script type=\"application\/ld+json\" class=\"yoast-schema-graph\">{\"@context\":\"https:\/\/schema.org\",\"@graph\":[{\"@type\":\"WebPage\",\"@id\":\"https:\/\/salitadelcosto.it\/index.php\/storia\/\",\"url\":\"https:\/\/salitadelcosto.it\/index.php\/storia\/\",\"name\":\"Storia - Salita del Costo\",\"isPartOf\":{\"@id\":\"https:\/\/salitadelcosto.it\/#website\"},\"primaryImageOfPage\":{\"@id\":\"https:\/\/salitadelcosto.it\/index.php\/storia\/#primaryimage\"},\"image\":{\"@id\":\"https:\/\/salitadelcosto.it\/index.php\/storia\/#primaryimage\"},\"thumbnailUrl\":\"https:\/\/salitadelcosto.it\/wp-content\/uploads\/2024\/02\/Salita-del-Costo-anni-60_scura.jpg\",\"datePublished\":\"2015-02-22T20:08:56+00:00\",\"dateModified\":\"2025-03-21T09:27:50+00:00\",\"breadcrumb\":{\"@id\":\"https:\/\/salitadelcosto.it\/index.php\/storia\/#breadcrumb\"},\"inLanguage\":\"it-IT\",\"potentialAction\":[{\"@type\":\"ReadAction\",\"target\":[\"https:\/\/salitadelcosto.it\/index.php\/storia\/\"]}]},{\"@type\":\"ImageObject\",\"inLanguage\":\"it-IT\",\"@id\":\"https:\/\/salitadelcosto.it\/index.php\/storia\/#primaryimage\",\"url\":\"https:\/\/salitadelcosto.it\/wp-content\/uploads\/2024\/02\/Salita-del-Costo-anni-60_scura.jpg\",\"contentUrl\":\"https:\/\/salitadelcosto.it\/wp-content\/uploads\/2024\/02\/Salita-del-Costo-anni-60_scura.jpg\",\"width\":1700,\"height\":995},{\"@type\":\"BreadcrumbList\",\"@id\":\"https:\/\/salitadelcosto.it\/index.php\/storia\/#breadcrumb\",\"itemListElement\":[{\"@type\":\"ListItem\",\"position\":1,\"name\":\"Home\",\"item\":\"https:\/\/salitadelcosto.it\/index.php\/salita-del-costo-vicenza\/\"},{\"@type\":\"ListItem\",\"position\":2,\"name\":\"Storia\"}]},{\"@type\":\"WebSite\",\"@id\":\"https:\/\/salitadelcosto.it\/#website\",\"url\":\"https:\/\/salitadelcosto.it\/\",\"name\":\"Salita del Costo\",\"description\":\"\",\"potentialAction\":[{\"@type\":\"SearchAction\",\"target\":{\"@type\":\"EntryPoint\",\"urlTemplate\":\"https:\/\/salitadelcosto.it\/?s={search_term_string}\"},\"query-input\":{\"@type\":\"PropertyValueSpecification\",\"valueRequired\":true,\"valueName\":\"search_term_string\"}}],\"inLanguage\":\"it-IT\"}]}<\/script>\n<!-- \/ Yoast SEO plugin. -->","yoast_head_json":{"title":"Storia - Salita del Costo","robots":{"index":"index","follow":"follow","max-snippet":"max-snippet:-1","max-image-preview":"max-image-preview:large","max-video-preview":"max-video-preview:-1"},"canonical":"https:\/\/salitadelcosto.it\/index.php\/storia\/","og_locale":"it_IT","og_type":"article","og_title":"Storia - Salita del Costo","og_url":"https:\/\/salitadelcosto.it\/index.php\/storia\/","og_site_name":"Salita del Costo","article_modified_time":"2025-03-21T09:27:50+00:00","og_image":[{"width":1700,"height":995,"url":"https:\/\/salitadelcosto.it\/wp-content\/uploads\/2024\/02\/Salita-del-Costo-anni-60_scura.jpg","type":"image\/jpeg"}],"twitter_card":"summary_large_image","twitter_misc":{"Tempo di lettura stimato":"6 minuti"},"schema":{"@context":"https:\/\/schema.org","@graph":[{"@type":"WebPage","@id":"https:\/\/salitadelcosto.it\/index.php\/storia\/","url":"https:\/\/salitadelcosto.it\/index.php\/storia\/","name":"Storia - Salita del Costo","isPartOf":{"@id":"https:\/\/salitadelcosto.it\/#website"},"primaryImageOfPage":{"@id":"https:\/\/salitadelcosto.it\/index.php\/storia\/#primaryimage"},"image":{"@id":"https:\/\/salitadelcosto.it\/index.php\/storia\/#primaryimage"},"thumbnailUrl":"https:\/\/salitadelcosto.it\/wp-content\/uploads\/2024\/02\/Salita-del-Costo-anni-60_scura.jpg","datePublished":"2015-02-22T20:08:56+00:00","dateModified":"2025-03-21T09:27:50+00:00","breadcrumb":{"@id":"https:\/\/salitadelcosto.it\/index.php\/storia\/#breadcrumb"},"inLanguage":"it-IT","potentialAction":[{"@type":"ReadAction","target":["https:\/\/salitadelcosto.it\/index.php\/storia\/"]}]},{"@type":"ImageObject","inLanguage":"it-IT","@id":"https:\/\/salitadelcosto.it\/index.php\/storia\/#primaryimage","url":"https:\/\/salitadelcosto.it\/wp-content\/uploads\/2024\/02\/Salita-del-Costo-anni-60_scura.jpg","contentUrl":"https:\/\/salitadelcosto.it\/wp-content\/uploads\/2024\/02\/Salita-del-Costo-anni-60_scura.jpg","width":1700,"height":995},{"@type":"BreadcrumbList","@id":"https:\/\/salitadelcosto.it\/index.php\/storia\/#breadcrumb","itemListElement":[{"@type":"ListItem","position":1,"name":"Home","item":"https:\/\/salitadelcosto.it\/index.php\/salita-del-costo-vicenza\/"},{"@type":"ListItem","position":2,"name":"Storia"}]},{"@type":"WebSite","@id":"https:\/\/salitadelcosto.it\/#website","url":"https:\/\/salitadelcosto.it\/","name":"Salita del Costo","description":"","potentialAction":[{"@type":"SearchAction","target":{"@type":"EntryPoint","urlTemplate":"https:\/\/salitadelcosto.it\/?s={search_term_string}"},"query-input":{"@type":"PropertyValueSpecification","valueRequired":true,"valueName":"search_term_string"}}],"inLanguage":"it-IT"}]}},"_links":{"self":[{"href":"https:\/\/salitadelcosto.it\/index.php\/wp-json\/wp\/v2\/pages\/519","targetHints":{"allow":["GET"]}}],"collection":[{"href":"https:\/\/salitadelcosto.it\/index.php\/wp-json\/wp\/v2\/pages"}],"about":[{"href":"https:\/\/salitadelcosto.it\/index.php\/wp-json\/wp\/v2\/types\/page"}],"author":[{"embeddable":true,"href":"https:\/\/salitadelcosto.it\/index.php\/wp-json\/wp\/v2\/users\/1"}],"replies":[{"embeddable":true,"href":"https:\/\/salitadelcosto.it\/index.php\/wp-json\/wp\/v2\/comments?post=519"}],"version-history":[{"count":50,"href":"https:\/\/salitadelcosto.it\/index.php\/wp-json\/wp\/v2\/pages\/519\/revisions"}],"predecessor-version":[{"id":2880,"href":"https:\/\/salitadelcosto.it\/index.php\/wp-json\/wp\/v2\/pages\/519\/revisions\/2880"}],"wp:featuredmedia":[{"embeddable":true,"href":"https:\/\/salitadelcosto.it\/index.php\/wp-json\/wp\/v2\/media\/588"}],"wp:attachment":[{"href":"https:\/\/salitadelcosto.it\/index.php\/wp-json\/wp\/v2\/media?parent=519"}],"curies":[{"name":"wp","href":"https:\/\/api.w.org\/{rel}","templated":true}]}}